{"id":75,"date":"2017-11-30T18:02:20","date_gmt":"2017-11-30T18:02:20","guid":{"rendered":"http:\/\/medizin-kosmetik-worms.de\/?page_id=75"},"modified":"2025-08-10T18:39:24","modified_gmt":"2025-08-10T16:39:24","slug":"team","status":"publish","type":"page","link":"https:\/\/medizin-kosmetik-worms.de\/?page_id=75","title":{"rendered":"Team"},"content":{"rendered":"<hr \/>\n<h5>Stefan Blaser<\/h5>\n<p>Heilpraktiker<br \/>\nSpezialist f\u00fcr \u00c4sthetische Medizin<br \/>\nDr. Hauschka Naturkosmetiker<br \/>\nVisagist<br \/>\nDozent f\u00fcr Heilpraktikeranw\u00e4rter und Biokybernetische Medizin<\/p>\n<p><img loading=\"lazy\" decoding=\"async\" class=\"alignnone wp-image-913 size-medium\" src=\"https:\/\/medizin-kosmetik-worms.de\/wp-content\/uploads\/2020\/01\/BILD0040-scaled-e1754843520222.jpg\" alt=\"\" width=\"300\" height=\"200\" \/><\/p>\n<hr \/>\n<h5>Manuela Sch\u00e4fer<\/h5>\n<p>Ansprechpartnerin bei allen Fragen rund um die Praxis<br \/>\nFachkosmetikerin<br \/>\nBeraterin f\u00fcr Hautpflege, Produktinformation und Anwendung<\/p>\n<p><img loading=\"lazy\" decoding=\"async\" class=\"alignnone wp-image-909 size-medium\" src=\"https:\/\/medizin-kosmetik-worms.de\/wp-content\/uploads\/2020\/01\/BILD0024-scaled-e1754843816506.jpg\" alt=\"\" width=\"300\" height=\"200\" \/><\/p>\n<hr \/>\n<h5>Dr. med. Stefanie Driess<\/h5>\n<p>Privat\u00e4rztliche Allgemeinmedizinerin<br \/>\nFach\u00e4rztin f\u00fcr Innere Medizin<br \/>\nSchmerztherapeutin<br \/>\nFach\u00e4rztin f\u00fcr Palliativmedizin<\/p>\n<p><img loading=\"lazy\" decoding=\"async\" class=\"alignnone wp-image-909 size-medium\" src=\"https:\/\/medizin-kosmetik-worms.de\/wp-content\/uploads\/2025\/08\/Dr.-Stefanie-Driess.png\" alt=\"\" width=\"300\" height=\"200\" \/><br \/>\n<a href=\"https:\/\/praxis-driess.de\"><img loading=\"lazy\" decoding=\"async\" class=\"alignnone wp-image-909 size-medium\" src=\"https:\/\/medizin-kosmetik-worms.de\/wp-content\/uploads\/2025\/08\/Endlich-Leben-e1754838531357.jpg\" alt=\"\" width=\"300\" height=\"200\" \/><\/a><\/p>\n<hr \/>\n<p>Ihr Praxisteam<\/p>\n<hr \/>\n","protected":false},"excerpt":{"rendered":"<p>Stefan Blaser Heilpraktiker Spezialist f\u00fcr \u00c4sthetische Medizin Dr. Hauschka Naturkosmetiker Visagist Dozent f\u00fcr Heilpraktikeranw\u00e4rter und Biokybernetische Medizin Manuela Sch\u00e4fer Ansprechpartnerin bei allen Fragen rund um die Praxis Fachkosmetikerin Beraterin f\u00fcr Hautpflege, Produktinformation und Anwendung Dr. med. Stefanie Driess Privat\u00e4rztliche Allgemeinmedizinerin Fach\u00e4rztin f\u00fcr Innere Medizin Schmerztherapeutin Fach\u00e4rztin f\u00fcr Palliativmedizin Ihr Praxisteam<\/p>\n","protected":false},"author":1,"featured_media":0,"parent":0,"menu_order":0,"comment_status":"closed","ping_status":"closed","template":"","meta":{"footnotes":""},"class_list":["post-75","page","type-page","status-publish","hentry"],"_links":{"self":[{"href":"https:\/\/medizin-kosmetik-worms.de\/index.php?rest_route=\/wp\/v2\/pages\/75","targetHints":{"allow":["GET"]}}],"collection":[{"href":"https:\/\/medizin-kosmetik-worms.de\/index.php?rest_route=\/wp\/v2\/pages"}],"about":[{"href":"https:\/\/medizin-kosmetik-worms.de\/index.php?rest_route=\/wp\/v2\/types\/page"}],"author":[{"embeddable":true,"href":"https:\/\/medizin-kosmetik-worms.de\/index.php?rest_route=\/wp\/v2\/users\/1"}],"replies":[{"embeddable":true,"href":"https:\/\/medizin-kosmetik-worms.de\/index.php?rest_route=%2Fwp%2Fv2%2Fcomments&post=75"}],"version-history":[{"count":41,"href":"https:\/\/medizin-kosmetik-worms.de\/index.php?rest_route=\/wp\/v2\/pages\/75\/revisions"}],"predecessor-version":[{"id":1286,"href":"https:\/\/medizin-kosmetik-worms.de\/index.php?rest_route=\/wp\/v2\/pages\/75\/revisions\/1286"}],"wp:attachment":[{"href":"https:\/\/medizin-kosmetik-worms.de\/index.php?rest_route=%2Fwp%2Fv2%2Fmedia&parent=75"}],"curies":[{"name":"wp","href":"https:\/\/api.w.org\/{rel}","templated":true}]}}